{"id":74,"date":"2024-10-08T00:03:58","date_gmt":"2024-10-07T22:03:58","guid":{"rendered":"https:\/\/progresivni-cesko.cz\/?page_id=74"},"modified":"2024-11-14T11:16:56","modified_gmt":"2024-11-14T10:16:56","slug":"nasi-lide","status":"publish","type":"page","link":"https:\/\/progresivni-cesko.cz\/?page_id=74","title":{"rendered":"Na\u0161i lid\u00e9"},"content":{"rendered":"\n<p class=\"has-text-align-center has-medium-font-size\"><strong>SIGNAT\u00c1\u0158I A SIGNAT\u00c1\u0158KY<\/strong><\/p>\n\n\n\n<div data-widget-id=\"1\" id=\"wps-widget--team-1\" style=\"visibility: hidden; opacity: 0\" class=\"wps-container wps-widget wps-widget--team wps-team-theme--square-01 wps-team--type-grid wps-team-card-action--single-page wps-team--social-hover-up wps-team--thumbnail-shad\">\n    \n    \n    <div class=\"wps-container--inner\">\n\n                \n        \n            <div class=\"wps-row\">\n\n                \n                                \n                    <div class=\"wps-col wps-widget--item wps-widget--item-58\">\n                        <div class=\"wpspeedo-team--single\">\n                            <div class=\"wps-team--single-inner\">\n                                \n                                <div class=\"team-member--thumbnail-wrapper wps-team--member-element\"><div class=\"team-member--thumbnail\"><a href=\"https:\/\/progresivni-cesko.cz\/?wps-team-members=eva-pavlikova\" class=\"wpspeedo-team--url\" aria-label=\"Read More about Eva Pavl\u00edkov\u00e1.\"><img loading=\"lazy\" decoding=\"async\" width=\"2087\" height=\"2560\" src=\"https:\/\/progresivni-cesko.cz\/wp-content\/uploads\/2024_03_17_zeleni_praha_tisk-3912-2-scaled.jpg\" class=\"attachment- size- wp-post-image\" alt=\"\" srcset=\"https:\/\/progresivni-cesko.cz\/wp-content\/uploads\/2024_03_17_zeleni_praha_tisk-3912-2-scaled.jpg 2087w, https:\/\/progresivni-cesko.cz\/wp-content\/uploads\/2024_03_17_zeleni_praha_tisk-3912-2-245x300.jpg 245w, https:\/\/progresivni-cesko.cz\/wp-content\/uploads\/2024_03_17_zeleni_praha_tisk-3912-2-835x1024.jpg 835w, https:\/\/progresivni-cesko.cz\/wp-content\/uploads\/2024_03_17_zeleni_praha_tisk-3912-2-768x942.jpg 768w, https:\/\/progresivni-cesko.cz\/wp-content\/uploads\/2024_03_17_zeleni_praha_tisk-3912-2-1252x1536.jpg 1252w, https:\/\/progresivni-cesko.cz\/wp-content\/uploads\/2024_03_17_zeleni_praha_tisk-3912-2-1669x2048.jpg 1669w, https:\/\/progresivni-cesko.cz\/wp-content\/uploads\/2024_03_17_zeleni_praha_tisk-3912-2-1320x1620.jpg 1320w\" sizes=\"auto, (max-width: 2087px) 100vw, 2087px\" \/><\/a><\/div><\/div><h3 class=\"wps-team--member-title wps-team--member-element team-member--link\"><a href=\"https:\/\/progresivni-cesko.cz\/?wps-team-members=eva-pavlikova\" class=\"wpspeedo-team--url\">Eva Pavl\u00edkov\u00e1<\/a><\/h3><div class=\"wps-team--divider-wrapper wps-team--member-element\"><div class=\"wps-team--divider\"><\/div><\/div><div class=\"wps-team--member-details wps-team--member-details-excerpt wps-team--member-element\"><p>Dlouholet\u00e1 mana\u017eerka a \u010dlenka n\u011bkolika spr\u00e1vn\u00edch rad organizac\u00ed se zam\u011b\u0159en\u00edm na ve\u0159ejnou spr\u00e1vu a socio-ekonom&#8230;<\/p>\n<\/div><div class=\"wps-team--member-s-links wps-team--member-element\">\n\t\t\t<ul class=\"wps--social-links wps-si--shape-circle wps-si--b-bg-color wps-si--b-bg-color--hover wps-si--b-br-color wps-si--b-br-color--hover\">\n\t\t\t\t<li class=\"wps-si--x-twitter-square\">\n\t\t\t\t\t<a href=\"https:\/\/x.com\/evapavlikova\" aria-label=\"Social Link\" rel=\"nofollow noopener noreferrer\" target=\"_blank\"><i class=\"fab fa-x-twitter-square\"><\/i><\/a>\n\t\t\t\t<\/li><li class=\"wps-si--linkedin\">\n\t\t\t\t\t<a href=\"https:\/\/www.linkedin.com\/in\/evapavlikova\/\" aria-label=\"Social Link\" rel=\"nofollow noopener noreferrer\" target=\"_blank\"><i class=\"fab fa-linkedin\"><\/i><\/a>\n\t\t\t\t<\/li>\t\t\t<\/ul>\n\n\t\t<\/div>\n                            <\/div>\n                        <\/div>\n                    <\/div>\n\n                    \n                \n                                \n                    <div class=\"wps-col wps-widget--item wps-widget--item-118\">\n                        <div class=\"wpspeedo-team--single\">\n                            <div class=\"wps-team--single-inner\">\n                                \n                                <div class=\"team-member--thumbnail-wrapper wps-team--member-element\"><div class=\"team-member--thumbnail\"><a href=\"https:\/\/progresivni-cesko.cz\/?wps-team-members=jiri-dienstbier\" class=\"wpspeedo-team--url\" aria-label=\"Read More about Ji\u0159\u00ed Dienstbier.\"><img loading=\"lazy\" decoding=\"async\" width=\"1600\" height=\"1067\" src=\"https:\/\/progresivni-cesko.cz\/wp-content\/uploads\/IMG_A07051C263D3-1.jpeg\" class=\"attachment- size- wp-post-image\" alt=\"\" srcset=\"https:\/\/progresivni-cesko.cz\/wp-content\/uploads\/IMG_A07051C263D3-1.jpeg 1600w, https:\/\/progresivni-cesko.cz\/wp-content\/uploads\/IMG_A07051C263D3-1-300x200.jpeg 300w, https:\/\/progresivni-cesko.cz\/wp-content\/uploads\/IMG_A07051C263D3-1-1024x683.jpeg 1024w, https:\/\/progresivni-cesko.cz\/wp-content\/uploads\/IMG_A07051C263D3-1-768x512.jpeg 768w, https:\/\/progresivni-cesko.cz\/wp-content\/uploads\/IMG_A07051C263D3-1-1536x1024.jpeg 1536w, https:\/\/progresivni-cesko.cz\/wp-content\/uploads\/IMG_A07051C263D3-1-1320x880.jpeg 1320w\" sizes=\"auto, (max-width: 1600px) 100vw, 1600px\" \/><\/a><\/div><\/div><h3 class=\"wps-team--member-title wps-team--member-element team-member--link\"><a href=\"https:\/\/progresivni-cesko.cz\/?wps-team-members=jiri-dienstbier\" class=\"wpspeedo-team--url\">Ji\u0159\u00ed Dienstbier<\/a><\/h3><div class=\"wps-team--divider-wrapper wps-team--member-element\"><div class=\"wps-team--divider\"><\/div><\/div><div class=\"wps-team--member-details wps-team--member-details-excerpt wps-team--member-element\"><p>B\u00fdval\u00fd sen\u00e1tor, exministr pro lidsk\u00e1 pr\u00e1va a legislativu a kandid\u00e1t na prezidenta \u010cesk\u00e9 republiky z roku 2013&#8230;.<\/p>\n<\/div>\n                            <\/div>\n                        <\/div>\n                    <\/div>\n\n                    \n                \n                                \n                    <div class=\"wps-col wps-widget--item wps-widget--item-61\">\n                        <div class=\"wpspeedo-team--single\">\n                            <div class=\"wps-team--single-inner\">\n                                \n                                <div class=\"team-member--thumbnail-wrapper wps-team--member-element\"><div class=\"team-member--thumbnail\"><a href=\"https:\/\/progresivni-cesko.cz\/?wps-team-members=gabriela-svarovska\" class=\"wpspeedo-team--url\" aria-label=\"Read More about Gabriela Sv\u00e1rovsk\u00e1.\"><img loading=\"lazy\" decoding=\"async\" width=\"1075\" height=\"900\" src=\"https:\/\/progresivni-cesko.cz\/wp-content\/uploads\/IMG_3852.jpg\" class=\"attachment- size- wp-post-image\" alt=\"\" srcset=\"https:\/\/progresivni-cesko.cz\/wp-content\/uploads\/IMG_3852.jpg 1075w, https:\/\/progresivni-cesko.cz\/wp-content\/uploads\/IMG_3852-300x251.jpg 300w, https:\/\/progresivni-cesko.cz\/wp-content\/uploads\/IMG_3852-1024x857.jpg 1024w, https:\/\/progresivni-cesko.cz\/wp-content\/uploads\/IMG_3852-768x643.jpg 768w\" sizes=\"auto, (max-width: 1075px) 100vw, 1075px\" \/><\/a><\/div><\/div><h3 class=\"wps-team--member-title wps-team--member-element team-member--link\"><a href=\"https:\/\/progresivni-cesko.cz\/?wps-team-members=gabriela-svarovska\" class=\"wpspeedo-team--url\">Gabriela Sv\u00e1rovsk\u00e1<\/a><\/h3><div class=\"wps-team--divider-wrapper wps-team--member-element\"><div class=\"wps-team--divider\"><\/div><\/div><div class=\"wps-team--member-details wps-team--member-details-excerpt wps-team--member-element\"><p>B\u00fdval\u00e1 diplomatka, zakladatelka Programu transforma\u010dn\u00ed spolupr\u00e1ce Ministerstva zahrani\u010dn\u00edch v\u011bc\u00ed \u010cesk\u00e9 republi&#8230;<\/p>\n<\/div><div class=\"wps-team--member-s-links wps-team--member-element\">\n\t\t\t<ul class=\"wps--social-links wps-si--shape-circle wps-si--b-bg-color wps-si--b-bg-color--hover wps-si--b-br-color wps-si--b-br-color--hover\">\n\t\t\t\t<li class=\"wps-si--x-twitter-square\">\n\t\t\t\t\t<a href=\"https:\/\/x.com\/gabriela_sva\" aria-label=\"Social Link\" rel=\"nofollow noopener noreferrer\" target=\"_blank\"><i class=\"fab fa-x-twitter-square\"><\/i><\/a>\n\t\t\t\t<\/li><li class=\"wps-si--facebook-square\">\n\t\t\t\t\t<a href=\"https:\/\/www.facebook.com\/gabriela.dlouha.56\" aria-label=\"Social Link\" rel=\"nofollow noopener noreferrer\" target=\"_blank\"><i class=\"fab fa-facebook-square\"><\/i><\/a>\n\t\t\t\t<\/li><li class=\"wps-si--instagram\">\n\t\t\t\t\t<a href=\"https:\/\/www.instagram.com\/gabriela_svarovska\/#\" aria-label=\"Social Link\" rel=\"nofollow noopener noreferrer\" target=\"_blank\"><i class=\"fab fa-instagram\"><\/i><\/a>\n\t\t\t\t<\/li>\t\t\t<\/ul>\n\n\t\t<\/div>\n                            <\/div>\n                        <\/div>\n                    <\/div>\n\n                    \n                \n                                \n                    <div class=\"wps-col wps-widget--item wps-widget--item-64\">\n                        <div class=\"wpspeedo-team--single\">\n                            <div class=\"wps-team--single-inner\">\n                                \n                                <div class=\"team-member--thumbnail-wrapper wps-team--member-element\"><div class=\"team-member--thumbnail\"><a href=\"https:\/\/progresivni-cesko.cz\/?wps-team-members=jakub-kovarik\" class=\"wpspeedo-team--url\" aria-label=\"Read More about Jakub Kova\u0159\u00edk.\"><img loading=\"lazy\" decoding=\"async\" width=\"1030\" height=\"1280\" src=\"https:\/\/progresivni-cesko.cz\/wp-content\/uploads\/IMG_0491-2-Grande.jpeg\" class=\"attachment- size- wp-post-image\" alt=\"\" srcset=\"https:\/\/progresivni-cesko.cz\/wp-content\/uploads\/IMG_0491-2-Grande.jpeg 1030w, https:\/\/progresivni-cesko.cz\/wp-content\/uploads\/IMG_0491-2-Grande-241x300.jpeg 241w, https:\/\/progresivni-cesko.cz\/wp-content\/uploads\/IMG_0491-2-Grande-824x1024.jpeg 824w, https:\/\/progresivni-cesko.cz\/wp-content\/uploads\/IMG_0491-2-Grande-768x954.jpeg 768w\" sizes=\"auto, (max-width: 1030px) 100vw, 1030px\" \/><\/a><\/div><\/div><h3 class=\"wps-team--member-title wps-team--member-element team-member--link\"><a href=\"https:\/\/progresivni-cesko.cz\/?wps-team-members=jakub-kovarik\" class=\"wpspeedo-team--url\">Jakub Kova\u0159\u00edk<\/a><\/h3><div class=\"wps-team--divider-wrapper wps-team--member-element\"><div class=\"wps-team--divider\"><\/div><\/div><div class=\"wps-team--member-details wps-team--member-details-excerpt wps-team--member-element\"><p>V profesn\u00edm \u017eivot\u011b se Jakub Kova\u0159\u00edk \u017eiv\u00ed jako procesn\u00ed specialista v asisten\u010dn\u00edch slu\u017eb\u00e1ch. Poch\u00e1z\u00ed z okol\u00ed Be&#8230;<\/p>\n<\/div>\n                            <\/div>\n                        <\/div>\n                    <\/div>\n\n                    \n                \n                                \n                    <div class=\"wps-col wps-widget--item wps-widget--item-66\">\n                        <div class=\"wpspeedo-team--single\">\n                            <div class=\"wps-team--single-inner\">\n                                \n                                <div class=\"team-member--thumbnail-wrapper wps-team--member-element\"><div class=\"team-member--thumbnail\"><a href=\"https:\/\/progresivni-cesko.cz\/?wps-team-members=slavomir-manasek\" class=\"wpspeedo-team--url\" aria-label=\"Read More about Slavom\u00edr Ma\u0148\u00e1sek.\"><img loading=\"lazy\" decoding=\"async\" width=\"2449\" height=\"2560\" src=\"https:\/\/progresivni-cesko.cz\/wp-content\/uploads\/Copy-of-IMG_8728-2-scaled.jpg\" class=\"attachment- size- wp-post-image\" alt=\"\" srcset=\"https:\/\/progresivni-cesko.cz\/wp-content\/uploads\/Copy-of-IMG_8728-2-scaled.jpg 2449w, https:\/\/progresivni-cesko.cz\/wp-content\/uploads\/Copy-of-IMG_8728-2-287x300.jpg 287w, https:\/\/progresivni-cesko.cz\/wp-content\/uploads\/Copy-of-IMG_8728-2-980x1024.jpg 980w, https:\/\/progresivni-cesko.cz\/wp-content\/uploads\/Copy-of-IMG_8728-2-768x803.jpg 768w, https:\/\/progresivni-cesko.cz\/wp-content\/uploads\/Copy-of-IMG_8728-2-1470x1536.jpg 1470w, https:\/\/progresivni-cesko.cz\/wp-content\/uploads\/Copy-of-IMG_8728-2-1960x2048.jpg 1960w, https:\/\/progresivni-cesko.cz\/wp-content\/uploads\/Copy-of-IMG_8728-2-1320x1380.jpg 1320w\" sizes=\"auto, (max-width: 2449px) 100vw, 2449px\" \/><\/a><\/div><\/div><h3 class=\"wps-team--member-title wps-team--member-element team-member--link\"><a href=\"https:\/\/progresivni-cesko.cz\/?wps-team-members=slavomir-manasek\" class=\"wpspeedo-team--url\">Slavom\u00edr Ma\u0148\u00e1sek<\/a><\/h3><div class=\"wps-team--divider-wrapper wps-team--member-element\"><div class=\"wps-team--divider\"><\/div><\/div><div class=\"wps-team--member-details wps-team--member-details-excerpt wps-team--member-element\"><p>Absolvent Universit\u00e9 Paris I Panth\u00e9on-Sorbonne, obory pr\u00e1vo, historie a mezin\u00e1rodn\u00ed vztahy. V letech 2021-2024&#8230;<\/p>\n<\/div><div class=\"wps-team--member-s-links wps-team--member-element\">\n\t\t\t<ul class=\"wps--social-links wps-si--shape-circle wps-si--b-bg-color wps-si--b-bg-color--hover wps-si--b-br-color wps-si--b-br-color--hover\">\n\t\t\t\t<li class=\"wps-si--x-twitter-square\">\n\t\t\t\t\t<a href=\"https:\/\/x.com\/ManasekS96\" aria-label=\"Social Link\" rel=\"nofollow noopener noreferrer\" target=\"_blank\"><i class=\"fab fa-x-twitter-square\"><\/i><\/a>\n\t\t\t\t<\/li><li class=\"wps-si--linkedin\">\n\t\t\t\t\t<a href=\"https:\/\/www.linkedin.com\/in\/slavomir-manasek\" aria-label=\"Social Link\" rel=\"nofollow noopener noreferrer\" target=\"_blank\"><i class=\"fab fa-linkedin\"><\/i><\/a>\n\t\t\t\t<\/li><li class=\"wps-si--instagram\">\n\t\t\t\t\t<a href=\"https:\/\/www.instagram.com\/slavom8767\" aria-label=\"Social Link\" rel=\"nofollow noopener noreferrer\" target=\"_blank\"><i class=\"fab fa-instagram\"><\/i><\/a>\n\t\t\t\t<\/li>\t\t\t<\/ul>\n\n\t\t<\/div>\n                            <\/div>\n                        <\/div>\n                    <\/div>\n\n                    \n                \n                                \n                    <div class=\"wps-col wps-widget--item wps-widget--item-59\">\n                        <div class=\"wpspeedo-team--single\">\n                            <div class=\"wps-team--single-inner\">\n                                \n                                <div class=\"team-member--thumbnail-wrapper wps-team--member-element\"><div class=\"team-member--thumbnail\"><a href=\"https:\/\/progresivni-cesko.cz\/?wps-team-members=tomas-migl\" class=\"wpspeedo-team--url\" aria-label=\"Read More about Tom\u00e1\u0161 M\u00edgl.\"><img loading=\"lazy\" decoding=\"async\" width=\"1707\" height=\"2560\" src=\"https:\/\/progresivni-cesko.cz\/wp-content\/uploads\/DSCF5730-scaled.jpg\" class=\"attachment- size- wp-post-image\" alt=\"\" srcset=\"https:\/\/progresivni-cesko.cz\/wp-content\/uploads\/DSCF5730-scaled.jpg 1707w, https:\/\/progresivni-cesko.cz\/wp-content\/uploads\/DSCF5730-200x300.jpg 200w, https:\/\/progresivni-cesko.cz\/wp-content\/uploads\/DSCF5730-683x1024.jpg 683w, https:\/\/progresivni-cesko.cz\/wp-content\/uploads\/DSCF5730-768x1152.jpg 768w, https:\/\/progresivni-cesko.cz\/wp-content\/uploads\/DSCF5730-1024x1536.jpg 1024w, https:\/\/progresivni-cesko.cz\/wp-content\/uploads\/DSCF5730-1365x2048.jpg 1365w, https:\/\/progresivni-cesko.cz\/wp-content\/uploads\/DSCF5730-1320x1980.jpg 1320w\" sizes=\"auto, (max-width: 1707px) 100vw, 1707px\" \/><\/a><\/div><\/div><h3 class=\"wps-team--member-title wps-team--member-element team-member--link\"><a href=\"https:\/\/progresivni-cesko.cz\/?wps-team-members=tomas-migl\" class=\"wpspeedo-team--url\">Tom\u00e1\u0161 M\u00edgl<\/a><\/h3><div class=\"wps-team--divider-wrapper wps-team--member-element\"><div class=\"wps-team--divider\"><\/div><\/div><div class=\"wps-team--member-details wps-team--member-details-excerpt wps-team--member-element\"><p>Absolvent Politologie a mezin\u00e1rodn\u00edch vztah\u016f na Fakult\u011b soci\u00e1ln\u00edch v\u011bd University Karlovy a v sou\u010dasnosti stud&#8230;<\/p>\n<\/div><div class=\"wps-team--member-s-links wps-team--member-element\">\n\t\t\t<ul class=\"wps--social-links wps-si--shape-circle wps-si--b-bg-color wps-si--b-bg-color--hover wps-si--b-br-color wps-si--b-br-color--hover\">\n\t\t\t\t<li class=\"wps-si--facebook-square\">\n\t\t\t\t\t<a href=\"https:\/\/www.facebook.com\/profile.php?id=61561322169633\" aria-label=\"Social Link\" rel=\"nofollow noopener noreferrer\" target=\"_blank\"><i class=\"fab fa-facebook-square\"><\/i><\/a>\n\t\t\t\t<\/li><li class=\"wps-si--x-twitter-square\">\n\t\t\t\t\t<a href=\"https:\/\/x.com\/Tomas_Migl\" aria-label=\"Social Link\" rel=\"nofollow noopener noreferrer\" target=\"_blank\"><i class=\"fab fa-x-twitter-square\"><\/i><\/a>\n\t\t\t\t<\/li><li class=\"wps-si--instagram\">\n\t\t\t\t\t<a href=\"https:\/\/www.instagram.com\/tom_migl\/\" aria-label=\"Social Link\" rel=\"nofollow noopener noreferrer\" target=\"_blank\"><i class=\"fab fa-instagram\"><\/i><\/a>\n\t\t\t\t<\/li>\t\t\t<\/ul>\n\n\t\t<\/div>\n                            <\/div>\n                        <\/div>\n                    <\/div>\n\n                    \n                \n                                \n                    <div class=\"wps-col wps-widget--item wps-widget--item-62\">\n                        <div class=\"wpspeedo-team--single\">\n                            <div class=\"wps-team--single-inner\">\n                                \n                                <div class=\"team-member--thumbnail-wrapper wps-team--member-element\"><div class=\"team-member--thumbnail\"><a href=\"https:\/\/progresivni-cesko.cz\/?wps-team-members=petr-palacky\" class=\"wpspeedo-team--url\" aria-label=\"Read More about Petr Palack\u00fd.\"><img loading=\"lazy\" decoding=\"async\" width=\"1500\" height=\"1590\" src=\"https:\/\/progresivni-cesko.cz\/wp-content\/uploads\/Palacky-foto-web.png\" class=\"attachment- size- wp-post-image\" alt=\"\" srcset=\"https:\/\/progresivni-cesko.cz\/wp-content\/uploads\/Palacky-foto-web.png 1500w, https:\/\/progresivni-cesko.cz\/wp-content\/uploads\/Palacky-foto-web-283x300.png 283w, https:\/\/progresivni-cesko.cz\/wp-content\/uploads\/Palacky-foto-web-966x1024.png 966w, https:\/\/progresivni-cesko.cz\/wp-content\/uploads\/Palacky-foto-web-768x814.png 768w, https:\/\/progresivni-cesko.cz\/wp-content\/uploads\/Palacky-foto-web-1449x1536.png 1449w, https:\/\/progresivni-cesko.cz\/wp-content\/uploads\/Palacky-foto-web-1320x1399.png 1320w\" sizes=\"auto, (max-width: 1500px) 100vw, 1500px\" \/><\/a><\/div><\/div><h3 class=\"wps-team--member-title wps-team--member-element team-member--link\"><a href=\"https:\/\/progresivni-cesko.cz\/?wps-team-members=petr-palacky\" class=\"wpspeedo-team--url\">Petr Palack\u00fd<\/a><\/h3><div class=\"wps-team--divider-wrapper wps-team--member-element\"><div class=\"wps-team--divider\"><\/div><\/div><div class=\"wps-team--member-details wps-team--member-details-excerpt wps-team--member-element\"><p>Radn\u00ed m\u011bstsk\u00e9 \u010d\u00e1sti Praha 6 pro \u017eivotn\u00ed prost\u0159ed\u00ed a klima. Od roku 2016 je zastupitelem m\u011bstsk\u00e9 \u010d\u00e1sti Praha 6 &#8230;<\/p>\n<\/div><div class=\"wps-team--member-s-links wps-team--member-element\">\n\t\t\t<ul class=\"wps--social-links wps-si--shape-circle wps-si--b-bg-color wps-si--b-bg-color--hover wps-si--b-br-color wps-si--b-br-color--hover\">\n\t\t\t\t<li class=\"wps-si--facebook-square\">\n\t\t\t\t\t<a href=\"https:\/\/www.facebook.com\/PetrPalackyP6\" aria-label=\"Social Link\" rel=\"nofollow noopener noreferrer\" target=\"_blank\"><i class=\"fab fa-facebook-square\"><\/i><\/a>\n\t\t\t\t<\/li><li class=\"wps-si--x-twitter-square\">\n\t\t\t\t\t<a href=\"https:\/\/x.com\/petr_palacky\" aria-label=\"Social Link\" rel=\"nofollow noopener noreferrer\" target=\"_blank\"><i class=\"fab fa-x-twitter-square\"><\/i><\/a>\n\t\t\t\t<\/li>\t\t\t<\/ul>\n\n\t\t<\/div>\n                            <\/div>\n                        <\/div>\n                    <\/div>\n\n                    \n                \n                                \n                    <div class=\"wps-col wps-widget--item wps-widget--item-16\">\n                        <div class=\"wpspeedo-team--single\">\n                            <div class=\"wps-team--single-inner\">\n                                \n                                <div class=\"team-member--thumbnail-wrapper wps-team--member-element\"><div class=\"team-member--thumbnail\"><a href=\"https:\/\/progresivni-cesko.cz\/?wps-team-members=mikulas-peksa\" class=\"wpspeedo-team--url\" aria-label=\"Read More about Mikul\u00e1\u0161 Peksa.\"><img loading=\"lazy\" decoding=\"async\" width=\"300\" height=\"300\" src=\"https:\/\/progresivni-cesko.cz\/wp-content\/uploads\/peksa.jpg\" class=\"attachment- size- wp-post-image\" alt=\"\" srcset=\"https:\/\/progresivni-cesko.cz\/wp-content\/uploads\/peksa.jpg 300w, https:\/\/progresivni-cesko.cz\/wp-content\/uploads\/peksa-150x150.jpg 150w\" sizes=\"auto, (max-width: 300px) 100vw, 300px\" \/><\/a><\/div><\/div><h3 class=\"wps-team--member-title wps-team--member-element team-member--link\"><a href=\"https:\/\/progresivni-cesko.cz\/?wps-team-members=mikulas-peksa\" class=\"wpspeedo-team--url\">Mikul\u00e1\u0161 Peksa<\/a><\/h3><div class=\"wps-team--divider-wrapper wps-team--member-element\"><div class=\"wps-team--divider\"><\/div><\/div><div class=\"wps-team--member-details wps-team--member-details-excerpt wps-team--member-element\"><p>Mikul\u00e1\u0161 Peksa byl mezi lety 2019 a 2024 poslancem Evropsk\u00e9ho parlamentu a p\u0159edsedou Evropsk\u00e9 Pir\u00e1tsk\u00e9 strany. &#8230;<\/p>\n<\/div>\n                            <\/div>\n                        <\/div>\n                    <\/div>\n\n                    \n                \n                                \n                    <div class=\"wps-col wps-widget--item wps-widget--item-56\">\n                        <div class=\"wpspeedo-team--single\">\n                            <div class=\"wps-team--single-inner\">\n                                \n                                <div class=\"team-member--thumbnail-wrapper wps-team--member-element\"><div class=\"team-member--thumbnail\"><a href=\"https:\/\/progresivni-cesko.cz\/?wps-team-members=tomas-petricek\" class=\"wpspeedo-team--url\" aria-label=\"Read More about Tom\u00e1\u0161 Pet\u0159\u00ed\u010dek.\"><img loading=\"lazy\" decoding=\"async\" width=\"876\" height=\"667\" src=\"https:\/\/progresivni-cesko.cz\/wp-content\/uploads\/Tomas-Petricek_photo\u00a9VojtechVlk.com_575e-1.jpg\" class=\"attachment- size- wp-post-image\" alt=\"\" srcset=\"https:\/\/progresivni-cesko.cz\/wp-content\/uploads\/Tomas-Petricek_photo\u00a9VojtechVlk.com_575e-1.jpg 876w, https:\/\/progresivni-cesko.cz\/wp-content\/uploads\/Tomas-Petricek_photo\u00a9VojtechVlk.com_575e-1-300x228.jpg 300w, https:\/\/progresivni-cesko.cz\/wp-content\/uploads\/Tomas-Petricek_photo\u00a9VojtechVlk.com_575e-1-768x585.jpg 768w\" sizes=\"auto, (max-width: 876px) 100vw, 876px\" \/><\/a><\/div><\/div><h3 class=\"wps-team--member-title wps-team--member-element team-member--link\"><a href=\"https:\/\/progresivni-cesko.cz\/?wps-team-members=tomas-petricek\" class=\"wpspeedo-team--url\">Tom\u00e1\u0161 Pet\u0159\u00ed\u010dek<\/a><\/h3><div class=\"wps-team--divider-wrapper wps-team--member-element\"><div class=\"wps-team--divider\"><\/div><\/div><div class=\"wps-team--member-details wps-team--member-details-excerpt wps-team--member-element\"><p>B\u00fdval\u00fd ministr zahrani\u010dn\u00edch v\u011bc\u00ed. V sou\u010dasn\u00e9 dob\u011b nerezidentn\u00ed seniorn\u00ed v\u00fdzkumn\u00edk \u00dastavu mezin\u00e1rodn\u00edch vztah\u016f &#8230;<\/p>\n<\/div>\n                            <\/div>\n                        <\/div>\n                    <\/div>\n\n                    \n                        \n            <\/div>\n\n        \n                \n        <div class=\"wps-team--not-found-wrapper\">\n            <div class=\"wps-team--not-found\">No Results Found<\/div>\n        <\/div>\n\n        \n    <\/div>\n\n        \n<\/div>\n\n\n<p class=\"has-text-align-center has-medium-font-size\"><strong>MANIFEST PROGRESIVN\u00cd \u010cESKO PODPORUJ\u00cd:<\/strong><\/p>\n\n\n\n<ul class=\"wp-block-list\">\n<li style=\"font-size:16px\"><strong>Ond\u0159ej Li\u0161ka<\/strong> &#8211; b\u00fdval\u00fd ministr \u0161kolstv\u00ed<\/li>\n\n\n\n<li style=\"font-size:16px\"><strong>Ivana Recmanov\u00e1<\/strong> &#8211; p\u0159ekladatelka, korektorka, aktivistka za pr\u00e1va autist\u016f, b\u00e1sn\u00ed\u0159ka<\/li>\n\n\n\n<li style=\"font-size:16px\"><strong>Martin Rozumek<\/strong> &#8211; \u0159editel Organizace pro pomoc uprchl\u00edk\u016fm a vysoko\u0161kolsk\u00fd pedagog<\/li>\n\n\n\n<li style=\"font-size:16px\"><strong>Veronika Sedl\u00e1\u010dkov\u00e1<\/strong> &#8211; novin\u00e1\u0159ka a moder\u00e1torka, spoluzakladatelka spolku \u017deny v m\u00e9di\u00edch&nbsp;<\/li>\n\n\n\n<li style=\"font-size:16px\"><strong>V\u00edt Masare<\/strong> &#8211; konzultant N\u00e1rodn\u00edho pl\u00e1nu obnovy, spoluzakladatel ob\u010dansk\u00fdch iniciativ a projekt\u016f, \u010dlen veden\u00ed Zelen\u00fdch<\/li>\n\n\n\n<li style=\"font-size:16px\"><strong>Franti\u0161ek Kostl\u00e1n<\/strong> &#8211; nez\u00e1visl\u00fd publicista, b\u00fdval\u00fd m\u00edstop\u0159edseda \u010cesk\u00e9ho helsinsk\u00e9ho v\u00fdboru, v\u011bnuje se problematice men\u0161in a extremismu&nbsp;<\/li>\n\n\n\n<li style=\"font-size:16px\"><strong>Zden\u011bk Va\u0161ek<\/strong> &#8211; historik, archiv\u00e1\u0159 Univerzity Karlovy se zam\u011b\u0159en\u00edm na dlouhodob\u00e9 uchov\u00e1n\u00ed digit\u00e1ln\u00edch dat<\/li>\n\n\n\n<li style=\"font-size:16px\"><strong>Adam Hru\u0161ka<\/strong> &#8211; akademik zab\u00fdvaj\u00edc\u00ed se um\u011blou inteligenc\u00ed a potravinovou bezpe\u010dnost\u00ed, m\u00edstop\u0159edseda Volt \u010cesko<\/li>\n\n\n\n<li><strong>Marek Hil\u0161er<\/strong> &#8211; b\u00fdval\u00fd sen\u00e1tor, l\u00e9ka\u0159<\/li>\n\n\n\n<li><strong>Milan Starec<\/strong> &#8211; vedouc\u00ed osobnost \u00fasil\u00ed o \u0159e\u0161en\u00ed kauzy Tur\u00f3w, l\u00eddr krajsk\u00e9 kandid\u00e1tky Zelen\u00fdch v Libereck\u00e9m kraji, podnikatel<\/li>\n\n\n\n<li><strong>Ji\u0159\u00ed Pehe<\/strong> &#8211; politolog, spisovatel a politick\u00fd koment\u00e1tor<\/li>\n\n\n\n<li><strong>\u0160imon Hlinovsk\u00fd<\/strong> &#8211; politolog, aktivista a p\u0159edseda Liber\u00e1ln\u00ed aliance nez\u00e1visl\u00fdch ob\u010dan\u016f<\/li>\n\n\n\n<li><strong>V\u011bra Roubalov\u00e1 Kostl\u00e1nov\u00e1<\/strong> &#8211; psychoterapeutka<\/li>\n\n\n\n<li><strong>Radovan Barto\u0161ek<\/strong> &#8211; autor Den\u00edku Referendum, \u010dlen Soci\u00e1ln\u00ed Demokracie&nbsp;<\/li>\n\n\n\n<li><strong>Ivo Skopal <\/strong>&#8211; spisovatel a zastupitel m\u011bstsk\u00e9 \u010d\u00e1sti Brno-sever<\/li>\n\n\n\n<li><strong>Stijn Croes <\/strong>&#8211; \u0159editel \u00da\u0159adu pr\u00e1ce Bruselsk\u00e9ho regionu, Actiris<\/li>\n\n\n\n<li><strong>V\u00e1clav Votava<\/strong> &#8211; b\u00fdval\u00fd poslanec Parlamentu \u010cesk\u00e9 republiky<\/li>\n\n\n\n<li><strong>Jakub Ka\u0161par<\/strong> &#8211; specialista v komunikaci ochrany p\u0159\u00edrody a \u017eivotn\u00edho prost\u0159ed\u00ed<\/li>\n\n\n\n<li><strong>Miroslav Klich<\/strong> &#8211; odborn\u00edk v oblasti ve\u0159ejn\u00e9 \u017eelezni\u010dn\u00ed dopravy, v\u00fdstavby a \u00fadr\u017eby dopravn\u00ed infrastruktury, dota\u010dn\u00ed problematiky a dr\u00e1\u017en\u00edch vozidel<\/li>\n\n\n\n<li><strong>David Ondrejkovi\u010d <\/strong>&#8211; pr\u00e1vn\u00edk ve ve\u0159ejn\u00e9 spr\u00e1v\u011b<\/li>\n\n\n\n<li><strong>Petr Pavl\u00edk<\/strong> &#8211; vysoko\u0161kolsk\u00fd pedagog, Univerzita Karlova<\/li>\n\n\n\n<li><strong>Ji\u0159\u00ed Guth<\/strong> &#8211; ekolog a \u00fa\u0159edn\u00edk<\/li>\n\n\n\n<li><strong>Jakub Kut\u00edlek<\/strong> &#8211; projektant dopravn\u00edch opat\u0159en\u00ed, zastupitel m\u011bstsk\u00e9ho obvodu Pardubice V, \u010dlen Zelen\u00fdch<\/li>\n\n\n\n<li><strong>Petr Jany\u0161ka<\/strong> &#8211; politick\u00fd koment\u00e1tor, b\u00fdval\u00fd dlouholet\u00fd diplomat, velvyslanec<\/li>\n\n\n\n<li><strong>Petr Chalu\u0161<\/strong> &#8211; pedagog a metodik v oblasti vzd\u011bl\u00e1v\u00e1n\u00ed<\/li>\n\n\n\n<li><strong>Jind\u0159ich Gubi\u0161<\/strong> &#8211; zakladatel a p\u0159edseda Spolku za estetiku ve\u0159ejn\u00e9ho prostoru, b\u00fdval\u00fd zastupitel v Liberci, obchodn\u00ed mana\u017eer<\/li>\n\n\n\n<li><strong>Ladislav \u0160incl<\/strong> &#8211; ekonom, u\u010ditel<\/li>\n\n\n\n<li><strong>Petr Kul\u00ed\u0161ek<\/strong> &#8211; koordin\u00e1tor rozvoje vzd\u011bl\u00e1v\u00e1n\u00ed a spolupr\u00e1ce<\/li>\n\n\n\n<li><strong>Martin Kol\u00e1\u010dek<\/strong> &#8211; nakladatel, spisovatel, hern\u00ed design\u00e9r, \u010dlen hnut\u00ed Budoucnost<\/li>\n\n\n\n<li><strong>Tom\u00e1\u0161 Zalab\u00e1k<\/strong> &#8211; student politologie, \u010dlen \u010cesk\u00e9 pir\u00e1tsk\u00e9 strany<\/li>\n\n\n\n<li><strong>Luk\u00e1\u0161 Lev \u010cervinka<\/strong> &#8211; \u00fastavn\u00ed pr\u00e1vn\u00edk a zakladatel spolku Hermeniculum<\/li>\n\n\n\n<li><strong>David Matou\u0161ek<\/strong> &#8211; expert na celo\u017eivotn\u00ed u\u010den\u00ed, \u010dlen \u010cesk\u00e9 pir\u00e1tsk\u00e9 strany<\/li>\n\n\n\n<li><strong>Michael \u0160varc<\/strong> &#8211; pr\u00e1vn\u00edk a diplomat<\/li>\n\n\n\n<li><strong>Ji\u0159\u00ed Korbel<\/strong> &#8211; student ve\u0159ejn\u00e9 a soci\u00e1ln\u00ed politiky<\/li>\n\n\n\n<li><strong>Milan \u010eurina<\/strong> &#8211; o\u0161et\u0159ovatel, politik, b\u00fdval\u00fd \u010dlen Levice, podporovatel Pir\u00e1t\u016f<\/li>\n\n\n\n<li><strong>Jana Kone\u010dn\u00e1<\/strong> &#8211; expertka na podnik\u00e1n\u00ed OSV\u010c, propag\u00e1torka trvale udr\u017eiteln\u00e9ho \u017eivota<\/li>\n\n\n\n<li><strong>Marcel Kon\u00ed\u010dek<\/strong> &#8211; japanista, p\u0159ekladatel, pedagog<\/li>\n\n\n\n<li><strong>Marek Suchomel<\/strong> &#8211; IT analytik, \u010dlen Zelen\u00fdch<\/li>\n<\/ul>\n","protected":false},"excerpt":{"rendered":"<p>SIGNAT\u00c1\u0158I A SIGNAT\u00c1\u0158KY MANIFEST PROGRESIVN\u00cd \u010cESKO PODPORUJ\u00cd:<\/p>\n","protected":false},"author":1,"featured_media":0,"parent":0,"menu_order":0,"comment_status":"closed","ping_status":"closed","template":"","meta":{"_uag_custom_page_level_css":"","site-sidebar-layout":"default","site-content-layout":"","ast-site-content-layout":"","site-content-style":"default","site-sidebar-style":"default","ast-global-header-display":"","ast-banner-title-visibility":"","ast-main-header-display":"","ast-hfb-above-header-display":"","ast-hfb-below-header-display":"","ast-hfb-mobile-header-display":"","site-post-title":"","ast-breadcrumbs-content":"","ast-featured-img":"","footer-sml-layout":"","theme-transparent-header-meta":"","adv-header-id-meta":"","stick-header-meta":"","header-above-stick-meta":"","header-main-stick-meta":"","header-below-stick-meta":"","astra-migrate-meta-layouts":"default","ast-page-background-enabled":"default","ast-page-background-meta":{"desktop":{"background-color":"var(--ast-global-color-4)","background-image":"","background-repeat":"repeat","background-position":"center center","background-size":"auto","background-attachment":"scroll","background-type":"","background-media":"","overlay-type":"","overlay-color":"","overlay-opacity":"","overlay-gradient":""},"tablet":{"background-color":"","background-image":"","background-repeat":"repeat","background-position":"center center","background-size":"auto","background-attachment":"scroll","background-type":"","background-media":"","overlay-type":"","overlay-color":"","overlay-opacity":"","overlay-gradient":""},"mobile":{"background-color":"","background-image":"","background-repeat":"repeat","background-position":"center center","background-size":"auto","background-attachment":"scroll","background-type":"","background-media":"","overlay-type":"","overlay-color":"","overlay-opacity":"","overlay-gradient":""}},"ast-content-background-meta":{"desktop":{"background-color":"var(--ast-global-color-5)","background-image":"","background-repeat":"repeat","background-position":"center center","background-size":"auto","background-attachment":"scroll","background-type":"","background-media":"","overlay-type":"","overlay-color":"","overlay-opacity":"","overlay-gradient":""},"tablet":{"background-color":"var(--ast-global-color-5)","background-image":"","background-repeat":"repeat","background-position":"center center","background-size":"auto","background-attachment":"scroll","background-type":"","background-media":"","overlay-type":"","overlay-color":"","overlay-opacity":"","overlay-gradient":""},"mobile":{"background-color":"var(--ast-global-color-5)","background-image":"","background-repeat":"repeat","background-position":"center center","background-size":"auto","background-attachment":"scroll","background-type":"","background-media":"","overlay-type":"","overlay-color":"","overlay-opacity":"","overlay-gradient":""}},"footnotes":""},"class_list":["post-74","page","type-page","status-publish","hentry"],"yoast_head":"<!-- This site is optimized with the Yoast SEO plugin v27.4 - https:\/\/yoast.com\/product\/yoast-seo-wordpress\/ -->\n<title>Na\u0161i lid\u00e9 -<\/title>\n<meta name=\"robots\" content=\"index, follow, max-snippet:-1, max-image-preview:large, max-video-preview:-1\" \/>\n<link rel=\"canonical\" href=\"https:\/\/progresivni-cesko.cz\/?page_id=74\" \/>\n<meta property=\"og:locale\" content=\"cs_CZ\" \/>\n<meta property=\"og:type\" content=\"article\" \/>\n<meta property=\"og:title\" content=\"Na\u0161i lid\u00e9 -\" \/>\n<meta property=\"og:description\" content=\"SIGNAT\u00c1\u0158I A SIGNAT\u00c1\u0158KY MANIFEST PROGRESIVN\u00cd \u010cESKO PODPORUJ\u00cd:\" \/>\n<meta property=\"og:url\" content=\"https:\/\/progresivni-cesko.cz\/?page_id=74\" \/>\n<meta property=\"article:modified_time\" content=\"2024-11-14T10:16:56+00:00\" \/>\n<meta property=\"og:image\" content=\"https:\/\/progresivni-cesko.cz\/wp-content\/uploads\/logo2b.png\" \/>\n\t<meta property=\"og:image:width\" content=\"2503\" \/>\n\t<meta property=\"og:image:height\" content=\"1495\" \/>\n\t<meta property=\"og:image:type\" content=\"image\/png\" \/>\n<meta name=\"twitter:card\" content=\"summary_large_image\" \/>\n<meta name=\"twitter:label1\" content=\"Odhadovan\u00e1 doba \u010dten\u00ed\" \/>\n\t<meta name=\"twitter:data1\" content=\"2 minuty\" \/>\n<script type=\"application\/ld+json\" class=\"yoast-schema-graph\">{\"@context\":\"https:\\\/\\\/schema.org\",\"@graph\":[{\"@type\":\"WebPage\",\"@id\":\"https:\\\/\\\/progresivni-cesko.cz\\\/?page_id=74\",\"url\":\"https:\\\/\\\/progresivni-cesko.cz\\\/?page_id=74\",\"name\":\"Na\u0161i lid\u00e9 -\",\"isPartOf\":{\"@id\":\"https:\\\/\\\/progresivni-cesko.cz\\\/#website\"},\"datePublished\":\"2024-10-07T22:03:58+00:00\",\"dateModified\":\"2024-11-14T10:16:56+00:00\",\"breadcrumb\":{\"@id\":\"https:\\\/\\\/progresivni-cesko.cz\\\/?page_id=74#breadcrumb\"},\"inLanguage\":\"cs\",\"potentialAction\":[{\"@type\":\"ReadAction\",\"target\":[\"https:\\\/\\\/progresivni-cesko.cz\\\/?page_id=74\"]}]},{\"@type\":\"BreadcrumbList\",\"@id\":\"https:\\\/\\\/progresivni-cesko.cz\\\/?page_id=74#breadcrumb\",\"itemListElement\":[{\"@type\":\"ListItem\",\"position\":1,\"name\":\"Home\",\"item\":\"https:\\\/\\\/progresivni-cesko.cz\\\/\"},{\"@type\":\"ListItem\",\"position\":2,\"name\":\"Na\u0161i lid\u00e9\"}]},{\"@type\":\"WebSite\",\"@id\":\"https:\\\/\\\/progresivni-cesko.cz\\\/#website\",\"url\":\"https:\\\/\\\/progresivni-cesko.cz\\\/\",\"name\":\"Progresivn\u00ed \u010cesko\",\"description\":\"Platforma pro lidi, kte\u0159\u00ed cht\u011bj\u00ed m\u011bnit v\u011bci k lep\u0161\u00edmu\",\"publisher\":{\"@id\":\"https:\\\/\\\/progresivni-cesko.cz\\\/#organization\"},\"potentialAction\":[{\"@type\":\"SearchAction\",\"target\":{\"@type\":\"EntryPoint\",\"urlTemplate\":\"https:\\\/\\\/progresivni-cesko.cz\\\/?s={search_term_string}\"},\"query-input\":{\"@type\":\"PropertyValueSpecification\",\"valueRequired\":true,\"valueName\":\"search_term_string\"}}],\"inLanguage\":\"cs\"},{\"@type\":\"Organization\",\"@id\":\"https:\\\/\\\/progresivni-cesko.cz\\\/#organization\",\"name\":\"Progresivn\u00ed \u010cesko\",\"url\":\"https:\\\/\\\/progresivni-cesko.cz\\\/\",\"logo\":{\"@type\":\"ImageObject\",\"inLanguage\":\"cs\",\"@id\":\"https:\\\/\\\/progresivni-cesko.cz\\\/#\\\/schema\\\/logo\\\/image\\\/\",\"url\":\"https:\\\/\\\/progresivni-cesko.cz\\\/wp-content\\\/uploads\\\/logo2b.png\",\"contentUrl\":\"https:\\\/\\\/progresivni-cesko.cz\\\/wp-content\\\/uploads\\\/logo2b.png\",\"width\":2503,\"height\":1495,\"caption\":\"Progresivn\u00ed \u010cesko\"},\"image\":{\"@id\":\"https:\\\/\\\/progresivni-cesko.cz\\\/#\\\/schema\\\/logo\\\/image\\\/\"}}]}<\/script>\n<!-- \/ Yoast SEO plugin. -->","yoast_head_json":{"title":"Na\u0161i lid\u00e9 -","robots":{"index":"index","follow":"follow","max-snippet":"max-snippet:-1","max-image-preview":"max-image-preview:large","max-video-preview":"max-video-preview:-1"},"canonical":"https:\/\/progresivni-cesko.cz\/?page_id=74","og_locale":"cs_CZ","og_type":"article","og_title":"Na\u0161i lid\u00e9 -","og_description":"SIGNAT\u00c1\u0158I A SIGNAT\u00c1\u0158KY MANIFEST PROGRESIVN\u00cd \u010cESKO PODPORUJ\u00cd:","og_url":"https:\/\/progresivni-cesko.cz\/?page_id=74","article_modified_time":"2024-11-14T10:16:56+00:00","og_image":[{"width":2503,"height":1495,"url":"https:\/\/progresivni-cesko.cz\/wp-content\/uploads\/logo2b.png","type":"image\/png"}],"twitter_card":"summary_large_image","twitter_misc":{"Odhadovan\u00e1 doba \u010dten\u00ed":"2 minuty"},"schema":{"@context":"https:\/\/schema.org","@graph":[{"@type":"WebPage","@id":"https:\/\/progresivni-cesko.cz\/?page_id=74","url":"https:\/\/progresivni-cesko.cz\/?page_id=74","name":"Na\u0161i lid\u00e9 -","isPartOf":{"@id":"https:\/\/progresivni-cesko.cz\/#website"},"datePublished":"2024-10-07T22:03:58+00:00","dateModified":"2024-11-14T10:16:56+00:00","breadcrumb":{"@id":"https:\/\/progresivni-cesko.cz\/?page_id=74#breadcrumb"},"inLanguage":"cs","potentialAction":[{"@type":"ReadAction","target":["https:\/\/progresivni-cesko.cz\/?page_id=74"]}]},{"@type":"BreadcrumbList","@id":"https:\/\/progresivni-cesko.cz\/?page_id=74#breadcrumb","itemListElement":[{"@type":"ListItem","position":1,"name":"Home","item":"https:\/\/progresivni-cesko.cz\/"},{"@type":"ListItem","position":2,"name":"Na\u0161i lid\u00e9"}]},{"@type":"WebSite","@id":"https:\/\/progresivni-cesko.cz\/#website","url":"https:\/\/progresivni-cesko.cz\/","name":"Progresivn\u00ed \u010cesko","description":"Platforma pro lidi, kte\u0159\u00ed cht\u011bj\u00ed m\u011bnit v\u011bci k lep\u0161\u00edmu","publisher":{"@id":"https:\/\/progresivni-cesko.cz\/#organization"},"potentialAction":[{"@type":"SearchAction","target":{"@type":"EntryPoint","urlTemplate":"https:\/\/progresivni-cesko.cz\/?s={search_term_string}"},"query-input":{"@type":"PropertyValueSpecification","valueRequired":true,"valueName":"search_term_string"}}],"inLanguage":"cs"},{"@type":"Organization","@id":"https:\/\/progresivni-cesko.cz\/#organization","name":"Progresivn\u00ed \u010cesko","url":"https:\/\/progresivni-cesko.cz\/","logo":{"@type":"ImageObject","inLanguage":"cs","@id":"https:\/\/progresivni-cesko.cz\/#\/schema\/logo\/image\/","url":"https:\/\/progresivni-cesko.cz\/wp-content\/uploads\/logo2b.png","contentUrl":"https:\/\/progresivni-cesko.cz\/wp-content\/uploads\/logo2b.png","width":2503,"height":1495,"caption":"Progresivn\u00ed \u010cesko"},"image":{"@id":"https:\/\/progresivni-cesko.cz\/#\/schema\/logo\/image\/"}}]}},"uagb_featured_image_src":{"full":false,"thumbnail":false,"medium":false,"medium_large":false,"large":false,"1536x1536":false,"2048x2048":false,"mailpoet_newsletter_max":false},"uagb_author_info":{"display_name":"admin@progresivni-cesko.cz","author_link":"https:\/\/progresivni-cesko.cz\/?author=1"},"uagb_comment_info":0,"uagb_excerpt":"SIGNAT\u00c1\u0158I A SIGNAT\u00c1\u0158KY MANIFEST PROGRESIVN\u00cd \u010cESKO PODPORUJ\u00cd:","_links":{"self":[{"href":"https:\/\/progresivni-cesko.cz\/index.php?rest_route=\/wp\/v2\/pages\/74","targetHints":{"allow":["GET"]}}],"collection":[{"href":"https:\/\/progresivni-cesko.cz\/index.php?rest_route=\/wp\/v2\/pages"}],"about":[{"href":"https:\/\/progresivni-cesko.cz\/index.php?rest_route=\/wp\/v2\/types\/page"}],"author":[{"embeddable":true,"href":"https:\/\/progresivni-cesko.cz\/index.php?rest_route=\/wp\/v2\/users\/1"}],"replies":[{"embeddable":true,"href":"https:\/\/progresivni-cesko.cz\/index.php?rest_route=%2Fwp%2Fv2%2Fcomments&post=74"}],"version-history":[{"count":13,"href":"https:\/\/progresivni-cesko.cz\/index.php?rest_route=\/wp\/v2\/pages\/74\/revisions"}],"predecessor-version":[{"id":191,"href":"https:\/\/progresivni-cesko.cz\/index.php?rest_route=\/wp\/v2\/pages\/74\/revisions\/191"}],"wp:attachment":[{"href":"https:\/\/progresivni-cesko.cz\/index.php?rest_route=%2Fwp%2Fv2%2Fmedia&parent=74"}],"curies":[{"name":"wp","href":"https:\/\/api.w.org\/{rel}","templated":true}]}}